{"id":144,"date":"2024-11-08T14:38:14","date_gmt":"2024-11-08T13:38:14","guid":{"rendered":"https:\/\/tekotryck.com\/?page_id=144"},"modified":"2024-11-08T19:48:43","modified_gmt":"2024-11-08T18:48:43","slug":"data-privacy","status":"publish","type":"page","link":"https:\/\/tekotryck.com\/?page_id=144","title":{"rendered":"Data Privacy"},"content":{"rendered":"\n<p class=\"has-x-large-font-size\">TekoTryck Datenschutz &#8211; Verarbeitung personenbezogener Daten<\/p>\n\n\n\n<p>Bei TekoTryck ist uns Ihre Privatsph\u00e4re wichtig und wir bem\u00fchen uns stets um ein hohes Datenschutzniveau (z.B. w\u00fcrden wir Ihre personenbezogenen Daten niemals an ein anderes Unternehmen verkaufen). In dieser Datenschutzerkl\u00e4rung wird erl\u00e4utert, wie wir Ihre personenbezogenen Daten erfassen und verwenden. Sie beschreibt auch Ihre Rechte und wie Sie diese aus\u00fcben k\u00f6nnen. Es ist wichtig, dass Sie die Datenschutzrichtlinie lesen und verstehen und sich sicher f\u00fchlen, dass wir Ihre personenbezogenen Daten verarbeiten. Wenn Sie Fragen haben, k\u00f6nnen Sie sich jederzeit an uns wenden. Mit Hilfe des nachstehenden Inhaltsverzeichnisses k\u00f6nnen Sie leicht zu den Abschnitten navigieren, die f\u00fcr Sie von besonderem Interesse sind.<\/p>\n\n\n\n<p><\/p>\n\n\n\n<div style=\"height:36px\" aria-hidden=\"true\" class=\"wp-block-spacer\"><\/div>\n\n\n\n<p class=\"has-large-font-size\">Inhaltsverzeichnis&nbsp;&nbsp;<\/p>\n\n\n\n<p>1. Was sind personenbezogene Daten und was ist die Verarbeitung von personenbezogenen Daten?&nbsp;&nbsp;<\/p>\n\n\n\n<p>2. Verantwortlicher f\u00fcr personenbezogene Daten&nbsp;&nbsp;<\/p>\n\n\n\n<p>3. Welche personenbezogenen Daten erheben wir \u00fcber Sie als Kunden und warum?&nbsp;&nbsp;<\/p>\n\n\n\n<p>4. Aus welchen Quellen erhalten wir personenbezogene Daten?&nbsp;&nbsp;<\/p>\n\n\n\n<p>5. An wen d\u00fcrfen wir Ihre personenbezogenen Daten weitergeben?&nbsp;&nbsp;<\/p>\n\n\n\n<p>6. Wo verarbeiten wir Ihre personenbezogenen Daten?&nbsp;&nbsp;<\/p>\n\n\n\n<p>7. Wie lange bewahren wir Ihre personenbezogenen Daten auf?&nbsp;&nbsp;<\/p>\n\n\n\n<p>8. Welche Rechte haben Sie als betroffene Person?&nbsp;&nbsp;<\/p>\n\n\n\n<p>9. Wie gehen wir mit Sozialversicherungsnummern um?&nbsp;&nbsp;<\/p>\n\n\n\n<p>10. Wie werden Ihre pers\u00f6nlichen Daten gesch\u00fctzt?&nbsp;&nbsp;<\/p>\n\n\n\n<p>11. Aufsichtsbeh\u00f6rde&nbsp;&nbsp;<\/p>\n\n\n\n<p>12. Kontaktieren Sie uns bei Fragen&nbsp;<\/p>\n\n\n\n<p><\/p>\n\n\n\n<div style=\"height:36px\" aria-hidden=\"true\" class=\"wp-block-spacer\"><\/div>\n\n\n\n<p class=\"has-large-font-size\">1. Was sind personenbezogene Daten und was ist die Verarbeitung von personenbezogenen Daten?\u00a0\u00a0<\/p>\n\n\n\n<p>Personenbezogene Daten sind alle Informationen, die direkt oder indirekt mit einer lebenden Person in Verbindung gebracht werden k\u00f6nnen. Dazu geh\u00f6ren nicht nur Namen und Sozialversicherungsnummern, sondern z. B. auch Bilder und E-Mail-Adressen. Personenbezogene Daten k\u00f6nnen auch ein Einzelunternehmen sein, bei dem die Organisationsnummer oft mit der Sozialversicherungsnummer der Person identisch ist. Die Verarbeitung personenbezogener Daten ist alles, was mit den personenbezogenen Daten in den IT-Systemen geschieht. Dazu geh\u00f6ren z. B. die Erhebung, Registrierung, Strukturierung, Speicherung, Verarbeitung, \u00dcbermittlung und L\u00f6schung. In manchen F\u00e4llen kann auch das, was au\u00dferhalb des IT-Systems geschieht, als Verarbeitung angesehen werden, z. B. bei Registern.&nbsp;<\/p>\n\n\n\n<p>&nbsp;<\/p>\n\n\n\n<p class=\"has-large-font-size\">2. Wer ist f\u00fcr die von uns erhobenen personenbezogenen Daten verantwortlich?\u00a0\u00a0<\/p>\n\n\n\n<ol start=\"2\" class=\"wp-block-list\"><\/ol>\n\n\n\n<p>Die TekoTryck AB (556238-6309) ist f\u00fcr die Verarbeitung personenbezogener Daten durch das Unternehmen verantwortlich.&nbsp;<\/p>\n\n\n\n<p><\/p>\n\n\n\n<p class=\"has-large-font-size\">3. Welche personenbezogenen Daten erheben wir \u00fcber Sie als Kunden und warum?\u00a0\u00a0<\/p>\n\n\n\n<ol start=\"3\" class=\"wp-block-list\"><\/ol>\n\n\n\n<p>Wir verarbeiten haupts\u00e4chlich Ihren Namen, Ihre Anschrift, Ihre E-Mail-Adresse und Ihre Telefonnummer. Wir verarbeiten Ihre personenbezogenen Daten, um die von Ihnen angeforderten Dienstleistungen und Produkte bereitstellen zu k\u00f6nnen (z. B. einen Newsletter oder die Bestellung unserer Produkte). Wir verarbeiten Ihre personenbezogenen Daten auch, um unsere Gesch\u00e4ftsbeziehung zu pflegen und zu verwalten. Dar\u00fcber hinaus verwenden wir Ihre personenbezogenen Daten, um Sie \u00fcber die von uns angebotenen Produkte und Dienstleistungen zu informieren, die f\u00fcr Sie von Interesse sein k\u00f6nnten. TekoTryck verarbeitet Ihre personenbezogenen Daten stets in \u00dcbereinstimmung mit den geltenden Rechtsvorschriften. Wir verarbeiten Ihre personenbezogenen Daten, wenn dies zur Erf\u00fcllung eines Vertrages mit Ihnen oder zur Beantwortung Ihrer Anfrage nach einer Dienstleistung erforderlich ist oder wenn wir ein anderes berechtigtes und gerechtfertigtes Interesse an der Verarbeitung Ihrer personenbezogenen Daten haben, z. B. zur Vermarktung unserer Dienstleistungen. Wenn TekoTryck Ihre personenbezogenen Daten f\u00fcr einen Zweck verarbeitet, der Ihre Zustimmung erfordert, werden wir Ihre Zustimmung im Voraus einholen. Einige personenbezogene Daten k\u00f6nnen zwingend erforderlich sein, z.B. damit wir eine Dienstleistung erbringen oder eine andere Anfrage von Ihnen erf\u00fcllen k\u00f6nnen. Dies wird zum Zeitpunkt der Datenerhebung angegeben oder deutlich gemacht.&nbsp;<\/p>\n\n\n\n<p><\/p>\n\n\n\n<p class=\"has-large-font-size\">4. Aus welchen Quellen erheben wir personenbezogene Daten?\u00a0\u00a0<\/p>\n\n\n\n<ol start=\"4\" class=\"wp-block-list\"><\/ol>\n\n\n\n<p>Ihre personenbezogenen Daten werden z. B. erfasst, wenn Sie Ihre Angaben machen, wenn Sie sich f\u00fcr den Erhalt von Newslettern anmelden, Dienstleistungen oder Produkte bei uns bestellen oder mit uns Kontakt aufnehmen. Wir k\u00f6nnen auch Informationen \u00fcber Sie sammeln, wenn das Unternehmen, f\u00fcr das Sie arbeiten, Dienstleistungen oder Produkte bei uns bestellt. Manchmal erhalten wir auch Daten von Dritten, vor allem um Daten \u00fcber die Kreditw\u00fcrdigkeit zu erhalten.&nbsp;&nbsp;<\/p>\n\n\n\n<p><\/p>\n\n\n\n<p class=\"has-large-font-size\">5. An wen d\u00fcrfen wir Ihre personenbezogenen Daten weitergeben?\u00a0\u00a0<\/p>\n\n\n\n<ol start=\"5\" class=\"wp-block-list\"><\/ol>\n\n\n\n<p>Datenverarbeiter In einigen Situationen ist es notwendig, dass wir andere Parteien zur Ausf\u00fchrung unserer Arbeit heranziehen. Wir arbeiten zum Beispiel mit verschiedenen IT-Lieferanten zusammen. Sie gelten als Verarbeiter personenbezogener Daten f\u00fcr uns. TekoTryck ist verantwortlich f\u00fcr die Unterzeichnung von Vereinbarungen mit allen Datenverarbeitern und f\u00fcr die Erteilung von Anweisungen, wie sie personenbezogene Daten verarbeiten d\u00fcrfen. Die Beauftragung von Datenverarbeitern erfolgt nur zu Zwecken, die mit den Zwecken vereinbar sind, die wir selbst mit der Verarbeitung verfolgen.&nbsp;&nbsp;<\/p>\n\n\n\n<p><em>Akteure, die unabh\u00e4ngige Datenverantwortliche sind<\/em>&nbsp;<\/p>\n\n\n\n<p>Wir geben Ihre personenbezogenen Daten auch an bestimmte andere Organisationen weiter, die als unabh\u00e4ngige Datenverantwortliche fungieren. Das bedeutet, dass wir keine Kontrolle dar\u00fcber haben, wie die dem Unternehmen zur Verf\u00fcgung gestellten Informationen verarbeitet werden. Dabei kann es sich um Beh\u00f6rden handeln, wie z. B. die schwedische Steuerbeh\u00f6rde. Einige Daten werden auch f\u00fcr statistische Zwecke zur Verf\u00fcgung gestellt. Wenn Ihre pers\u00f6nlichen Daten an eine Organisation weitergegeben werden, die ein unabh\u00e4ngiger Datenverantwortlicher ist, gelten die Datenschutzbestimmungen und die Verwaltung pers\u00f6nlicher Daten dieser Organisation. TekoTryck kann personenbezogene Daten auch an Dritte weitergeben, z. B. an die Polizei oder andere Beh\u00f6rden, wenn es sich um die Untersuchung einer Straftat handelt oder wenn wir anderweitig gesetzlich oder durch beh\u00f6rdliche Entscheidung zur Weitergabe dieser Informationen verpflichtet sind.&nbsp;&nbsp;<\/p>\n\n\n\n<p><\/p>\n\n\n\n<p class=\"has-large-font-size\">6. Wo verarbeiten wir Ihre personenbezogenen Daten?\u00a0\u00a0<\/p>\n\n\n\n<ol start=\"6\" class=\"wp-block-list\"><\/ol>\n\n\n\n<p>Wir verarbeiten Ihre personenbezogenen Daten stets innerhalb der EU\/des EWR und alle unsere eigenen IT-Systeme befinden sich innerhalb der EU\/des EWR.&nbsp;<\/p>\n\n\n\n<p>&nbsp;<\/p>\n\n\n\n<p class=\"has-large-font-size\">7. Wie lange speichern wir Ihre personenbezogenen Daten?\u00a0\u00a0<\/p>\n\n\n\n<ol start=\"7\" class=\"wp-block-list\"><\/ol>\n\n\n\n<p>Wir speichern Ihre personenbezogenen Daten nie l\u00e4nger, als es f\u00fcr den jeweiligen Zweck erforderlich ist. Wir haben L\u00f6schverfahren entwickelt, um sicherzustellen, dass personenbezogene Daten nicht l\u00e4nger gespeichert werden, als es f\u00fcr den jeweiligen Zweck erforderlich ist. Wie lange dies der Fall ist, h\u00e4ngt vom Grund der Verarbeitung ab. So m\u00fcssen beispielsweise einige Buchhaltungsdaten aufgrund gesetzlicher Bestimmungen mindestens sieben Jahre lang aufbewahrt werden.&nbsp;<\/p>\n\n\n\n<p><\/p>\n\n\n\n<p class=\"has-large-font-size\">8. Welche Rechte haben Sie als betroffene Person?\u00a0\u00a0<\/p>\n\n\n\n<ol start=\"8\" class=\"wp-block-list\"><\/ol>\n\n\n\n<p>Als betroffene Person haben Sie nach geltendem Recht eine Reihe von Rechten. Wie Sie Ihre Rechte wahrnehmen k\u00f6nnen, erfahren Sie im Abschnitt &#8220;Wahrnehmung Ihrer Rechte&#8221; weiter unten. Nachfolgend sind die Rechte der betroffenen Person aufgef\u00fchrt. Auskunftsrecht (sog. Registerausz\u00fcge) Wenn Sie wissen m\u00f6chten, welche personenbezogenen Daten wir \u00fcber Sie verarbeiten, k\u00f6nnen Sie Auskunft \u00fcber die Daten verlangen. Wenn Sie einen solchen Antrag stellen, werden wir Ihnen m\u00f6glicherweise eine Reihe von Fragen stellen, um sicherzustellen, dass Ihr Antrag effektiv bearbeitet wird. Wir werden auch Ma\u00dfnahmen ergreifen, um sicherzustellen, dass die Daten von der richtigen Person angefordert und an die richtige Person weitergegeben werden. Recht auf Berichtigung Sie k\u00f6nnen verlangen, dass Ihre personenbezogenen Daten berichtigt werden, wenn sie unrichtig sind. Im Rahmen des angegebenen Zwecks haben Sie auch das Recht, unvollst\u00e4ndige personenbezogene Daten zu vervollst\u00e4ndigen. Recht auf L\u00f6schung Sie k\u00f6nnen die L\u00f6schung von personenbezogenen Daten, die wir \u00fcber Sie verarbeiten, verlangen, wenn:&nbsp;&nbsp;<\/p>\n\n\n\n<p>&#8211; Die Daten sind f\u00fcr die Zwecke, f\u00fcr die sie erhoben oder verarbeitet wurden, nicht mehr erforderlich.&nbsp;<\/p>\n\n\n\n<p>&#8211; Sie widersprechen einer Interessenabw\u00e4gung, die wir auf der Grundlage eines berechtigten Interesses durchgef\u00fchrt haben, und Ihr Widerspruchsgrund \u00fcberwiegt unser berechtigtes Interesse.&nbsp;&nbsp;<\/p>\n\n\n\n<p>&#8211; Die personenbezogenen Daten werden unrechtm\u00e4\u00dfig verarbeitet.&nbsp;&nbsp;<\/p>\n\n\n\n<p>&#8211; Es wurden personenbezogene Daten \u00fcber ein Kind (unter 13 Jahren) erhoben, f\u00fcr das Sie die elterliche Verantwortung tragen. Wir k\u00f6nnen jedoch das Recht haben, Ihren Antrag abzulehnen, wenn wir aufgrund rechtlicher Verpflichtungen bestimmte personenbezogene Daten nicht sofort l\u00f6schen k\u00f6nnen. Es kann auch sein, dass die Verarbeitung f\u00fcr die Begr\u00fcndung, Aus\u00fcbung oder Verteidigung von Rechtsanspr\u00fcchen erforderlich ist. Sollten wir nicht in der Lage sein, einer Aufforderung zur L\u00f6schung nachzukommen, werden wir stattdessen die personenbezogenen Daten f\u00fcr andere Zwecke als den Zweck, der die beantragte L\u00f6schung verhindert, sperren. Recht auf Einschr\u00e4nkung Sie haben das Recht zu verlangen, dass wir die Verarbeitung Ihrer personenbezogenen Daten einschr\u00e4nken. Wenn Sie der Meinung sind, dass die personenbezogenen Daten, die wir \u00fcber Sie verarbeiten, unrichtig sind, k\u00f6nnen Sie die Einschr\u00e4nkung der Verarbeitung f\u00fcr den Zeitraum beantragen, den wir ben\u00f6tigen, um die Richtigkeit der personenbezogenen Daten zu \u00fcberpr\u00fcfen. Wenn wir die personenbezogenen Daten f\u00fcr die genannten Zwecke nicht mehr ben\u00f6tigen, l\u00f6schen wir sie in der Regel. Wenn Sie die Daten zur Begr\u00fcndung, Aus\u00fcbung oder Verteidigung von Rechtsanspr\u00fcchen ben\u00f6tigen, k\u00f6nnen Sie eine eingeschr\u00e4nkte Verarbeitung der Daten durch uns verlangen. Dies bedeutet, dass Sie verlangen k\u00f6nnen, dass wir Ihre Daten nicht bereinigen und l\u00f6schen.&nbsp;<\/p>\n\n\n\n<p>Wenn Sie einem berechtigten Interesse widersprochen haben, das wir als Rechtsgrundlage f\u00fcr einen Zweck angef\u00fchrt haben, k\u00f6nnen Sie die Einschr\u00e4nkung der Verarbeitung f\u00fcr den Zeitraum beantragen, den wir ben\u00f6tigen, um zu pr\u00fcfen, ob unsere berechtigten Interessen Ihr Interesse an der L\u00f6schung der Daten \u00fcberwiegen. Wurde die Verarbeitung in einem der oben genannten F\u00e4lle eingeschr\u00e4nkt, d\u00fcrfen wir die Daten neben der eigentlichen Speicherung nur zur Geltendmachung, Aus\u00fcbung oder Verteidigung von Rechtsanspr\u00fcchen oder zum Schutz der Rechte einer anderen Person verarbeiten oder wenn Sie eingewilligt haben. Recht auf Widerspruch gegen bestimmte Arten der Verarbeitung Sie haben immer das Recht, gegen jede Verarbeitung personenbezogener Daten auf der Grundlage einer Interessenabw\u00e4gung Widerspruch einzulegen. Sie haben auch immer das Recht, der Direktwerbung zu widersprechen. Recht auf Daten\u00fcbertragbarkeit Als betroffene Person haben Sie das Recht auf Daten\u00fcbertragbarkeit, wenn unsere Berechtigung, Ihre personenbezogenen Daten zu verarbeiten, entweder auf Ihrer Einwilligung oder auf der Erf\u00fcllung eines Vertrags mit Ihnen beruht. Voraussetzung f\u00fcr die Daten\u00fcbertragbarkeit ist, dass die \u00dcbermittlung technisch machbar ist und automatisiert werden kann. Wahrnehmung Ihrer Rechte Der Antrag auf Erteilung eines Registerauszugs oder die Geltendmachung anderer Rechte muss schriftlich erfolgen und von der Person, auf die sich der Auszug bezieht, pers\u00f6nlich unterzeichnet werden. Wir werden Ihren Antrag unverz\u00fcglich, sp\u00e4testens jedoch innerhalb von 30 Tagen beantworten. Bitte senden Sie Ihre Anfrage an TekoTryck AB, GDPR-gruppen, Box 55, 294 21 S\u00f6lvesborg.&nbsp;<\/p>\n\n\n\n<p><\/p>\n\n\n\n<p class=\"has-large-font-size\">9. Wie gehen wir mit Sozialversicherungsnummern um?\u00a0\u00a0<\/p>\n\n\n\n<ol start=\"9\" class=\"wp-block-list\"><\/ol>\n\n\n\n<p>Wir vermeiden es so weit wie m\u00f6glich, pers\u00f6nliche Identifikationsnummern zu verarbeiten. In einigen F\u00e4llen ist dies jedoch gerechtfertigt, vor allem weil wir eine sichere Identifizierung ben\u00f6tigen. Was die Verarbeitung von Sozialversicherungsnummern in Form von Organisationsnummern f\u00fcr einzelne Gesch\u00e4ftst\u00e4tigkeiten betrifft, so ist diese Verarbeitung erforderlich, solange das Unternehmen ein Kunde von uns ist.&nbsp;&nbsp;<\/p>\n\n\n\n<p><\/p>\n\n\n\n<p class=\"has-large-font-size\">10. Wie werden Ihre personenbezogenen Daten gesch\u00fctzt?\u00a0\u00a0<\/p>\n\n\n\n<ol start=\"10\" class=\"wp-block-list\"><\/ol>\n\n\n\n<p>Wir arbeiten aktiv daran, den sicheren Umgang mit personenbezogenen Daten zu gew\u00e4hrleisten. Dies gilt sowohl durch technische als auch durch organisatorische Schutzma\u00dfnahmen.<\/p>\n\n\n\n<p><\/p>\n\n\n\n<p><\/p>\n\n\n\n<p class=\"has-large-font-size\">11. Aufsichtsbeh\u00f6rde<\/p>\n\n\n\n<ol start=\"11\" class=\"wp-block-list\"><\/ol>\n\n\n\n<p>Das Schwedische Amt f\u00fcr Datenschutz (IMY) ist die f\u00fcr die \u00dcberwachung der Anwendung der Datenschutzgesetze zust\u00e4ndige Beh\u00f6rde.&nbsp;<\/p>\n\n\n\n<p>Wenn Sie der Meinung sind, dass wir uns nicht korrekt verhalten, k\u00f6nnen Sie sich an das IMY wenden.<\/p>\n\n\n\n<p>\u00a0<\/p>\n\n\n\n<p class=\"has-large-font-size\">12. Kontaktaufnahme mit uns bei Fragen<\/p>\n\n\n\n<ol start=\"12\" class=\"wp-block-list\"><\/ol>\n\n\n\n<p>Wenn Sie Fragen dazu haben, wie wir personenbezogene Daten verarbeiten, oder wenn Sie eine Anfrage gem\u00e4\u00df den oben genannten Rechten haben, k\u00f6nnen Sie sich jederzeit an uns wenden: info@tekotryck.se. Wir k\u00f6nnen unsere Datenschutzpolitik \u00e4ndern.&nbsp;&nbsp;<\/p>\n\n\n\n<div style=\"height:19px\" aria-hidden=\"true\" class=\"wp-block-spacer\"><\/div>\n\n\n\n<p><\/p>\n\n\n\n<p><em>Die Datenschutzrichtlinie wurde zuletzt am 2024-05-24 aktualisiert.<\/em>&nbsp;<\/p>\n","protected":false},"excerpt":{"rendered":"<p>TekoTryck Datenschutz &#8211; Verarbeitung personenbezogener Daten Bei TekoTryck ist uns Ihre Privatsph\u00e4re wichtig und wir bem\u00fchen uns stets um ein hohes Datenschutzniveau (z.B. w\u00fcrden wir Ihre personenbezogenen Daten niemals an ein anderes Unternehmen verkaufen). In dieser Datenschutzerkl\u00e4rung wird erl\u00e4utert, wie wir Ihre personenbezogenen Daten erfassen und verwenden. Sie beschreibt auch Ihre Rechte und wie Sie [&hellip;]<\/p>\n","protected":false},"author":6,"featured_media":0,"parent":0,"menu_order":0,"comment_status":"closed","ping_status":"closed","template":"","meta":{"footnotes":""},"class_list":["post-144","page","type-page","status-publish","hentry"],"_links":{"self":[{"href":"https:\/\/tekotryck.com\/index.php?rest_route=\/wp\/v2\/pages\/144"}],"collection":[{"href":"https:\/\/tekotryck.com\/index.php?rest_route=\/wp\/v2\/pages"}],"about":[{"href":"https:\/\/tekotryck.com\/index.php?rest_route=\/wp\/v2\/types\/page"}],"author":[{"embeddable":true,"href":"https:\/\/tekotryck.com\/index.php?rest_route=\/wp\/v2\/users\/6"}],"replies":[{"embeddable":true,"href":"https:\/\/tekotryck.com\/index.php?rest_route=%2Fwp%2Fv2%2Fcomments&post=144"}],"version-history":[{"count":6,"href":"https:\/\/tekotryck.com\/index.php?rest_route=\/wp\/v2\/pages\/144\/revisions"}],"predecessor-version":[{"id":152,"href":"https:\/\/tekotryck.com\/index.php?rest_route=\/wp\/v2\/pages\/144\/revisions\/152"}],"wp:attachment":[{"href":"https:\/\/tekotryck.com\/index.php?rest_route=%2Fwp%2Fv2%2Fmedia&parent=144"}],"curies":[{"name":"wp","href":"https:\/\/api.w.org\/{rel}","templated":true}]}}